{"id":2303,"date":"2019-12-20T10:56:48","date_gmt":"2019-12-20T08:56:48","guid":{"rendered":"https:\/\/the7.io\/elementor-starter\/?page_id=2303"},"modified":"2021-08-30T10:28:20","modified_gmt":"2021-08-30T08:28:20","slug":"blog","status":"publish","type":"page","link":"https:\/\/heroesproject.eu\/ro\/blog\/","title":{"rendered":"Blog"},"content":{"rendered":"<div data-elementor-type=\"wp-page\" data-elementor-id=\"2303\" class=\"elementor elementor-2303\" data-elementor-settings=\"[]\">\n\t\t\t\t\t\t\t<div class=\"elementor-section-wrap\">\n\t\t\t\t\t\t\t<section class=\"elementor-section elementor-top-section elementor-element elementor-element-f94a11a elementor-section-stretched elementor-section-height-min-height elementor-section-content-middle elementor-section-full_width elementor-section-height-default elementor-section-items-middle\" data-id=\"f94a11a\" data-element_type=\"section\" data-settings=\"{&quot;stretch_section&quot;:&quot;section-stretched&quot;,&quot;background_background&quot;:&quot;classic&quot;,&quot;background_motion_fx_motion_fx_scrolling&quot;:&quot;yes&quot;,&quot;background_motion_fx_translateY_effect&quot;:&quot;yes&quot;,&quot;background_motion_fx_translateY_speed&quot;:{&quot;unit&quot;:&quot;px&quot;,&quot;size&quot;:4,&quot;sizes&quot;:[]},&quot;background_motion_fx_translateY_affectedRange&quot;:{&quot;unit&quot;:&quot;%&quot;,&quot;size&quot;:&quot;&quot;,&quot;sizes&quot;:{&quot;start&quot;:0,&quot;end&quot;:100}},&quot;background_motion_fx_devices&quot;:[&quot;desktop&quot;,&quot;tablet&quot;,&quot;mobile&quot;]}\">\n\t\t\t\t\t\t\t<div class=\"elementor-background-overlay\"><\/div>\n\t\t\t\t\t\t\t<div class=\"elementor-container elementor-column-gap-default\">\n\t\t\t\t\t<div class=\"elementor-column elementor-col-100 elementor-top-column elementor-element elementor-element-3f44619\" data-id=\"3f44619\" data-element_type=\"column\">\n\t\t\t<div class=\"elementor-widget-wrap elementor-element-populated\">\n\t\t\t\t\t\t\t\t<section class=\"elementor-section elementor-inner-section elementor-element elementor-element-e3c2904 elementor-section-boxed elementor-section-height-default elementor-section-height-default\" data-id=\"e3c2904\" data-element_type=\"section\">\n\t\t\t\t\t\t<div class=\"elementor-container elementor-column-gap-wider\">\n\t\t\t\t\t<div class=\"elementor-column elementor-col-100 elementor-inner-column elementor-element elementor-element-861b9eb\" data-id=\"861b9eb\" data-element_type=\"column\">\n\t\t\t<div class=\"elementor-widget-wrap elementor-element-populated\">\n\t\t\t\t\t\t\t\t<div class=\"elementor-element elementor-element-d0d4016 elementor-widget elementor-widget-heading\" data-id=\"d0d4016\" data-element_type=\"widget\" data-widget_type=\"heading.default\">\n\t\t\t\t<div class=\"elementor-widget-container\">\n\t\t\t<h2 class=\"elementor-heading-title elementor-size-default\">Blog<\/h2>\t\t<\/div>\n\t\t\t\t<\/div>\n\t\t\t\t<div class=\"elementor-element elementor-element-b9292bd elementor-widget elementor-widget-spacer\" data-id=\"b9292bd\" data-element_type=\"widget\" data-widget_type=\"spacer.default\">\n\t\t\t\t<div class=\"elementor-widget-container\">\n\t\t\t\t\t<div class=\"elementor-spacer\">\n\t\t\t<div class=\"elementor-spacer-inner\"><\/div>\n\t\t<\/div>\n\t\t\t\t<\/div>\n\t\t\t\t<\/div>\n\t\t\t\t<div class=\"elementor-element elementor-element-419e805 elementor-widget elementor-widget-heading\" data-id=\"419e805\" data-element_type=\"widget\" data-widget_type=\"heading.default\">\n\t\t\t\t<div class=\"elementor-widget-container\">\n\t\t\t<h4 class=\"elementor-heading-title elementor-size-default\">Descoperi\u021bi \u0219tiri \u0219i evenimente recente<\/h4>\t\t<\/div>\n\t\t\t\t<\/div>\n\t\t\t\t\t<\/div>\n\t\t<\/div>\n\t\t\t\t\t\t\t<\/div>\n\t\t<\/section>\n\t\t\t\t\t<\/div>\n\t\t<\/div>\n\t\t\t\t\t\t\t<\/div>\n\t\t<\/section>\n\t\t\t\t<section class=\"elementor-section elementor-top-section elementor-element elementor-element-27698fe7 elementor-section-stretched elementor-section-full_width elementor-section-height-default elementor-section-height-default\" data-id=\"27698fe7\" data-element_type=\"section\" data-settings=\"{&quot;stretch_section&quot;:&quot;section-stretched&quot;,&quot;background_background&quot;:&quot;classic&quot;}\">\n\t\t\t\t\t\t<div class=\"elementor-container elementor-column-gap-wider\">\n\t\t\t\t\t<div class=\"elementor-column elementor-col-100 elementor-top-column elementor-element elementor-element-2f0535da\" data-id=\"2f0535da\" data-element_type=\"column\">\n\t\t\t<div class=\"elementor-widget-wrap elementor-element-populated\">\n\t\t\t\t\t\t\t\t<div class=\"elementor-element elementor-element-84da58b elementor-share-buttons--align-center elementor-share-buttons--view-icon-text elementor-share-buttons--skin-gradient elementor-share-buttons--shape-square elementor-grid-0 elementor-share-buttons--color-official elementor-widget elementor-widget-share-buttons\" data-id=\"84da58b\" data-element_type=\"widget\" data-widget_type=\"share-buttons.default\">\n\t\t\t\t<div class=\"elementor-widget-container\">\n\t\t\t\t\t<div class=\"elementor-grid\">\n\t\t\t\t\t\t\t\t<div class=\"elementor-grid-item\">\n\t\t\t\t\t\t<div class=\"elementor-share-btn elementor-share-btn_facebook\">\n\t\t\t\t\t\t\t\t\t\t\t\t\t\t\t<span class=\"elementor-share-btn__icon\">\n\t\t\t\t\t\t\t\t<i class=\"fab fa-facebook\"\n\t\t\t\t\t\t\t\t   aria-hidden=\"true\"><\/i>\n\t\t\t\t\t\t\t\t<span\n\t\t\t\t\t\t\t\t\tclass=\"elementor-screen-only\">Share on facebook<\/span>\n\t\t\t\t\t\t\t<\/span>\n\t\t\t\t\t\t\t\t\t\t\t\t\t\t\t\t\t\t\t\t\t\t<div class=\"elementor-share-btn__text\">\n\t\t\t\t\t\t\t\t\t\t\t\t\t\t\t\t\t\t\t<span class=\"elementor-share-btn__title\">\n\t\t\t\t\t\t\t\t\t\tFacebook\t\t\t\t\t\t\t\t\t<\/span>\n\t\t\t\t\t\t\t\t\t\t\t\t\t\t\t\t\t<\/div>\n\t\t\t\t\t\t\t\t\t\t\t\t\t<\/div>\n\t\t\t\t\t<\/div>\n\t\t\t\t\t\t\t\t\t<div class=\"elementor-grid-item\">\n\t\t\t\t\t\t<div class=\"elementor-share-btn elementor-share-btn_twitter\">\n\t\t\t\t\t\t\t\t\t\t\t\t\t\t\t<span class=\"elementor-share-btn__icon\">\n\t\t\t\t\t\t\t\t<i class=\"fab fa-twitter\"\n\t\t\t\t\t\t\t\t   aria-hidden=\"true\"><\/i>\n\t\t\t\t\t\t\t\t<span\n\t\t\t\t\t\t\t\t\tclass=\"elementor-screen-only\">Share on twitter<\/span>\n\t\t\t\t\t\t\t<\/span>\n\t\t\t\t\t\t\t\t\t\t\t\t\t\t\t\t\t\t\t\t\t\t<div class=\"elementor-share-btn__text\">\n\t\t\t\t\t\t\t\t\t\t\t\t\t\t\t\t\t\t\t<span class=\"elementor-share-btn__title\">\n\t\t\t\t\t\t\t\t\t\tTwitter\t\t\t\t\t\t\t\t\t<\/span>\n\t\t\t\t\t\t\t\t\t\t\t\t\t\t\t\t\t<\/div>\n\t\t\t\t\t\t\t\t\t\t\t\t\t<\/div>\n\t\t\t\t\t<\/div>\n\t\t\t\t\t\t\t\t\t<div class=\"elementor-grid-item\">\n\t\t\t\t\t\t<div class=\"elementor-share-btn elementor-share-btn_linkedin\">\n\t\t\t\t\t\t\t\t\t\t\t\t\t\t\t<span class=\"elementor-share-btn__icon\">\n\t\t\t\t\t\t\t\t<i class=\"fab fa-linkedin\"\n\t\t\t\t\t\t\t\t   aria-hidden=\"true\"><\/i>\n\t\t\t\t\t\t\t\t<span\n\t\t\t\t\t\t\t\t\tclass=\"elementor-screen-only\">Share on linkedin<\/span>\n\t\t\t\t\t\t\t<\/span>\n\t\t\t\t\t\t\t\t\t\t\t\t\t\t\t\t\t\t\t\t\t\t<div class=\"elementor-share-btn__text\">\n\t\t\t\t\t\t\t\t\t\t\t\t\t\t\t\t\t\t\t<span class=\"elementor-share-btn__title\">\n\t\t\t\t\t\t\t\t\t\tLinkedIn\t\t\t\t\t\t\t\t\t<\/span>\n\t\t\t\t\t\t\t\t\t\t\t\t\t\t\t\t\t<\/div>\n\t\t\t\t\t\t\t\t\t\t\t\t\t<\/div>\n\t\t\t\t\t<\/div>\n\t\t\t\t\t\t<\/div>\n\t\t\t\t<\/div>\n\t\t\t\t<\/div>\n\t\t\t\t<div class=\"elementor-element elementor-element-371d03f3 elementor-widget elementor-widget-the7_elements\" data-id=\"371d03f3\" data-element_type=\"widget\" data-widget_type=\"the7_elements.default\">\n\t\t\t\t<div class=\"elementor-widget-container\">\n\t\t\t<div  class=\"portfolio-shortcode the7-elementor-widget the7_elements-371d03f3 mode-grid dt-css-grid-wrap classic-layout-list description-under-image enable-pagination-scroll content-bg-on resize-by-browser-width widget-with-filter loading-effect-none jquery-filter\"  data-padding=\"30px\" data-cur-page=\"1\" data-post-limit=\"6\" data-pagination-mode=\"pages\" data-scroll-offset=\"0\" data-mobile-columns-num=\"1\" data-tablet-columns-num=\"2\" data-desktop-columns-num=\"3\" data-wide-desktop-columns-num=\"3\"><div class=\"iso-filter filter-decorations css-grid-filter filter filter-pointer-default filter-underline-decoration\"><div class=\"filter-categories\" data-default-order=\"\" data-default-orderby=\"\"><a href=\"https:\/\/heroesproject.eu\/ro\/blog\/\" class=\"show-all filter-item act\" data-filter=\"*\">View all<\/a><a href=\"https:\/\/heroesproject.eu\/ro\/blog\/?term=community-of-practice\" class=\"filter-item community-of-practice\" data-filter=\".category-77\">Community of Practice<\/a><a href=\"https:\/\/heroesproject.eu\/ro\/blog\/?term=industry\" class=\"filter-item industry\" data-filter=\".category-30\">Industry<\/a><a href=\"https:\/\/heroesproject.eu\/ro\/blog\/?term=uncategorized-en\" class=\"filter-item uncategorized-en\" data-filter=\".category-41\">Uncategorized<\/a><\/div><div class=\"filter-extras\"><div class=\"filter-by\"><a href=\"https:\/\/heroesproject.eu\/ro\/blog\/?orderby=date&#038;order=desc\" class=\"sort-by-date act\" data-by=\"date\"><i class=\"dt-icon-the7-sort-02\"><\/i><span class=\"filter-popup\">Sort by date<\/span><\/a><span class=\"filter-switch\"><\/span><a href=\"https:\/\/heroesproject.eu\/ro\/blog\/?orderby=name&#038;order=desc\" class=\"sort-by-name\" data-by=\"name\"><i class=\"dt-icon-the7-sort-03\" aria-hidden=\"true\"><\/i><span class=\"filter-popup\">Sort by name<\/span><\/a><\/div><div class=\"filter-sorting\"><a href=\"https:\/\/heroesproject.eu\/ro\/blog\/?orderby=date&#038;order=desc\" class=\"sort-by-desc act\" data-sort=\"desc\"><i class=\"dt-icon-the7-sort-00\" aria-hidden=\"true\"><\/i><span class=\"filter-popup\">Descending<\/span><\/a><span class=\"filter-switch\"><\/span><a href=\"https:\/\/heroesproject.eu\/ro\/blog\/?orderby=date&#038;order=asc\" class=\"sort-by-asc\" data-sort=\"asc\"><i class=\"dt-icon-the7-sort-01\" aria-hidden=\"true\"><\/i><span class=\"filter-popup\">Ascending<\/span><\/a><\/div><\/div><\/div><div class=\"dt-css-grid custom-pagination-handler\"><div class=\"visible wf-cell category-77\" data-post-id=\"6331\" data-date=\"2023-08-21T12:38:46+02:00\" data-name=\"Interview with Harry Stehrenberger, shareholder of seniors@work about working at an older age\"><article class=\"post visible post-6331 type-post status-publish format-standard has-post-thumbnail hentry category-community-of-practice category-77 description-off\" data-name=\"Interview with Harry Stehrenberger, shareholder of seniors@work about working at an older age\" data-date=\"2023-08-21T12:38:46+02:00\">\n\n\t<div class=\"post-thumbnail-wrap rollover-active\">\n\t\t<div class=\"post-thumbnail\">\n\n\t\t\t<a href=\"https:\/\/heroesproject.eu\/ro\/2023\/08\/21\/interview-mit-harry-stehrenberger-aktionar-von-seniorswork-zum-thema-arbeiten-im-alter\/\" class=\"post-thumbnail-rollover layzr-bg\" aria-label=\"Post image\" rel=\"nofollow\"><img loading=\"lazy\" class=\"preload-me lazy-load\" src=\"data:image\/svg+xml,%3Csvg%20xmlns%3D&#39;http%3A%2F%2Fwww.w3.org%2F2000%2Fsvg&#39;%20viewBox%3D&#39;0%200%20768%20576&#39;%2F%3E\" data-src=\"https:\/\/heroesproject.eu\/wp-content\/uploads\/2023\/08\/HRO-768x576.png\" data-srcset=\"https:\/\/heroesproject.eu\/wp-content\/uploads\/2023\/08\/HRO-768x576.png 768w, https:\/\/heroesproject.eu\/wp-content\/uploads\/2023\/08\/HRO-1080x810.png 1080w\" alt=\"\" title=\"HRO\" width=\"768\" height=\"576\"  \/><\/a><div class=\"project-links-container\"><a href=\"https:\/\/heroesproject.eu\/ro\/2023\/08\/21\/interview-mit-harry-stehrenberger-aktionar-von-seniorswork-zum-thema-arbeiten-im-alter\/\" class=\"project-details\" aria-label=\"Details link\" rel=\"nofollow\"><span aria-hidden=\"true\" class=\"icomoon-the7-font-the7-plus-03\"><\/span><\/a><\/div>\n\t\t<\/div>\n\t<\/div>\n\n\n<div class=\"post-entry-content\">\n\n\t<h3 class=\"ele-entry-title\"><a href=\"https:\/\/heroesproject.eu\/ro\/2023\/08\/21\/interview-mit-harry-stehrenberger-aktionar-von-seniorswork-zum-thema-arbeiten-im-alter\/\" title=\"Interviu cu Harry Stehrenberger, ac\u021bionar al seniors@work pe tema muncii la b\u0103tr\u00e2ne\u021be\" rel=\"bookmark\">Interviu cu Harry Stehrenberger, ac\u021bionar al seniors@work pe tema muncii la b\u0103tr\u00e2ne\u021be<\/a><\/h3><div class=\"entry-meta\"><span class=\"meta-item category-link\"><a href=\"https:\/\/heroesproject.eu\/ro\/category\/community-of-practice\/\" rel=\"tag\">Community of Practice<\/a><\/span><a href=\"https:\/\/heroesproject.eu\/ro\/2023\/08\/21\/\" title=\"12:38 pm\" class=\"meta-item data-link\" rel=\"bookmark\"><time class=\"entry-date updated\" datetime=\"2023-08-21T12:38:46+02:00\">august 21, 2023<\/time><\/a><\/div><div class=\"entry-excerpt\"><p>An interview with Harry Stehrenberger was conducted to learn more about working at an older age from the perspective of seniors@work and his personal view on the topic. How does this relate to HEROES? Can you briefly introduce yourself and seniors@work? Seniors@work is a recruitment platform for people shortly before and after retirement. The platform&hellip;<\/p>\n<\/div>\n<a class=\"post-details details-type-btn dt-btn-s dt-btn\" href=\"https:\/\/heroesproject.eu\/ro\/2023\/08\/21\/interview-mit-harry-stehrenberger-aktionar-von-seniorswork-zum-thema-arbeiten-im-alter\/\" rel=\"nofollow\" aria-label=\"Read more about Interview with Harry Stehrenberger, shareholder of seniors@work about working at an older age\"><span>Read article<\/span><\/a>\n<\/div><\/article><\/div><div class=\"visible wf-cell category-30\" data-post-id=\"6081\" data-date=\"2023-06-09T07:25:43+02:00\" data-name=\"Interview with City Councilor Ariane Th\u00fcr Wenger about the challenge of the increasing need for care and the possibility of using HEROES\"><article class=\"post visible post-6081 type-post status-publish format-standard has-post-thumbnail hentry category-industry category-30 description-off\" data-name=\"Interview with City Councilor Ariane Th\u00fcr Wenger about the challenge of the increasing need for care and the possibility of using HEROES\" data-date=\"2023-06-09T07:25:43+02:00\">\n\n\t<div class=\"post-thumbnail-wrap rollover-active\">\n\t\t<div class=\"post-thumbnail\">\n\n\t\t\t<a href=\"https:\/\/heroesproject.eu\/ro\/2023\/06\/09\/interviu-cu-consilierul-orasenesc-ariane-thur-wenger-despre-provocarea-nevoia-din-creste-de-ingrijire-si-posibilitatea-de-utilizare-eroi\/\" class=\"post-thumbnail-rollover layzr-bg\" aria-label=\"Post image\" rel=\"nofollow\"><img loading=\"lazy\" class=\"preload-me lazy-load\" src=\"data:image\/svg+xml,%3Csvg%20xmlns%3D&#39;http%3A%2F%2Fwww.w3.org%2F2000%2Fsvg&#39;%20viewBox%3D&#39;0%200%20768%20576&#39;%2F%3E\" data-src=\"https:\/\/heroesproject.eu\/wp-content\/uploads\/2022\/10\/van-tay-media-TFFn3BYLc5s-unsplash-scaled-768x576.jpg\" data-srcset=\"https:\/\/heroesproject.eu\/wp-content\/uploads\/2022\/10\/van-tay-media-TFFn3BYLc5s-unsplash-scaled-768x576.jpg 768w, https:\/\/heroesproject.eu\/wp-content\/uploads\/2022\/10\/van-tay-media-TFFn3BYLc5s-unsplash-scaled-1152x864.jpg 1152w\" alt=\"\" title=\"van-tay-media-TFFn3BYLc5s-unsplash\" width=\"768\" height=\"576\"  \/><\/a><div class=\"project-links-container\"><a href=\"https:\/\/heroesproject.eu\/ro\/2023\/06\/09\/interviu-cu-consilierul-orasenesc-ariane-thur-wenger-despre-provocarea-nevoia-din-creste-de-ingrijire-si-posibilitatea-de-utilizare-eroi\/\" class=\"project-details\" aria-label=\"Details link\" rel=\"nofollow\"><span aria-hidden=\"true\" class=\"icomoon-the7-font-the7-plus-03\"><\/span><\/a><\/div>\n\t\t<\/div>\n\t<\/div>\n\n\n<div class=\"post-entry-content\">\n\n\t<h3 class=\"ele-entry-title\"><a href=\"https:\/\/heroesproject.eu\/ro\/2023\/06\/09\/interviu-cu-consilierul-orasenesc-ariane-thur-wenger-despre-provocarea-nevoia-din-creste-de-ingrijire-si-posibilitatea-de-utilizare-eroi\/\" title=\"Interviu cu consilierul municipal Ariane Th\u00fcr Wenger despre provocarea nevoii tot mai mari de \u00eengrijire \u0219i posibilitatea de a folosi HEROES\" rel=\"bookmark\">Interviu cu consilierul municipal Ariane Th\u00fcr Wenger despre provocarea nevoii tot mai mari de \u00eengrijire \u0219i posibilitatea de a folosi HEROES<\/a><\/h3><div class=\"entry-meta\"><span class=\"meta-item category-link\"><a href=\"https:\/\/heroesproject.eu\/ro\/category\/industry\/\" rel=\"tag\">Industry<\/a><\/span><a href=\"https:\/\/heroesproject.eu\/ro\/2023\/06\/09\/\" title=\"7:25 am\" class=\"meta-item data-link\" rel=\"bookmark\"><time class=\"entry-date updated\" datetime=\"2023-06-09T07:25:43+02:00\">iunie 9, 2023<\/time><\/a><\/div><div class=\"entry-excerpt\"><p>What are your specific tasks and responsibilities in the social service area? As a city councilor of Rorschach, I am responsible for the area of &#8220;social affairs&#8221;. I introduce associated topics to the city council and\/or provide new information about this area. Close cooperation with all important players in this field is essential. For example,&hellip;<\/p>\n<\/div>\n<a class=\"post-details details-type-btn dt-btn-s dt-btn\" href=\"https:\/\/heroesproject.eu\/ro\/2023\/06\/09\/interviu-cu-consilierul-orasenesc-ariane-thur-wenger-despre-provocarea-nevoia-din-creste-de-ingrijire-si-posibilitatea-de-utilizare-eroi\/\" rel=\"nofollow\" aria-label=\"Read more about Interview with City Councilor Ariane Th\u00fcr Wenger about the challenge of the increasing need for care and the possibility of using HEROES\"><span>Read article<\/span><\/a>\n<\/div><\/article><\/div><div class=\"visible wf-cell category-77\" data-post-id=\"5117\" data-date=\"2023-01-11T10:24:18+02:00\" data-name=\"The perspective of care receivers: What makes a trustworthy caregiver for you? What kind of quality of care is needed to feel comfortable?\"><article class=\"post visible post-5117 type-post status-publish format-standard has-post-thumbnail hentry category-community-of-practice category-77 description-off\" data-name=\"The perspective of care receivers: What makes a trustworthy caregiver for you? What kind of quality of care is needed to feel comfortable?\" data-date=\"2023-01-11T10:24:18+02:00\">\n\n\t<div class=\"post-thumbnail-wrap rollover-active\">\n\t\t<div class=\"post-thumbnail\">\n\n\t\t\t<a href=\"https:\/\/heroesproject.eu\/ro\/2023\/01\/11\/perspectiva-beneficiarului-ingrijirii-ce-face-o-asistenta-medicala-de-incredere-pentru-tine\/\" class=\"post-thumbnail-rollover layzr-bg\" aria-label=\"Post image\" rel=\"nofollow\"><img loading=\"lazy\" class=\"preload-me lazy-load\" src=\"data:image\/svg+xml,%3Csvg%20xmlns%3D&#39;http%3A%2F%2Fwww.w3.org%2F2000%2Fsvg&#39;%20viewBox%3D&#39;0%200%20768%20576&#39;%2F%3E\" data-src=\"https:\/\/heroesproject.eu\/wp-content\/uploads\/2023\/01\/centre-for-ageing-better-HNSpyx5lbwk-unsplash-scaled-768x576.jpg\" data-srcset=\"https:\/\/heroesproject.eu\/wp-content\/uploads\/2023\/01\/centre-for-ageing-better-HNSpyx5lbwk-unsplash-scaled-768x576.jpg 768w, https:\/\/heroesproject.eu\/wp-content\/uploads\/2023\/01\/centre-for-ageing-better-HNSpyx5lbwk-unsplash-scaled-1152x864.jpg 1152w\" alt=\"\" title=\"centre-for-ageing-better-HNSpyx5lbwk-unsplash\" width=\"768\" height=\"576\"  \/><\/a><div class=\"project-links-container\"><a href=\"https:\/\/heroesproject.eu\/ro\/2023\/01\/11\/perspectiva-beneficiarului-ingrijirii-ce-face-o-asistenta-medicala-de-incredere-pentru-tine\/\" class=\"project-details\" aria-label=\"Details link\" rel=\"nofollow\"><span aria-hidden=\"true\" class=\"icomoon-the7-font-the7-plus-03\"><\/span><\/a><\/div>\n\t\t<\/div>\n\t<\/div>\n\n\n<div class=\"post-entry-content\">\n\n\t<h3 class=\"ele-entry-title\"><a href=\"https:\/\/heroesproject.eu\/ro\/2023\/01\/11\/perspectiva-beneficiarului-ingrijirii-ce-face-o-asistenta-medicala-de-incredere-pentru-tine\/\" title=\"Perspectiva beneficiarului \u00eengrijirii: Ce face o asistent\u0103 medical\u0103 de \u00eencredere pentru tine? Ce calitate a \u00eengrijirii \u00ee\u021bi ia pentru a te sim\u021bi confortabil?\" rel=\"bookmark\">Perspectiva beneficiarului \u00eengrijirii: Ce face o asistent\u0103 medical\u0103 de \u00eencredere pentru tine? Ce calitate a \u00eengrijirii \u00ee\u021bi ia pentru a te sim\u021bi confortabil?<\/a><\/h3><div class=\"entry-meta\"><span class=\"meta-item category-link\"><a href=\"https:\/\/heroesproject.eu\/ro\/category\/community-of-practice\/\" rel=\"tag\">Community of Practice<\/a><\/span><a href=\"https:\/\/heroesproject.eu\/ro\/2023\/01\/11\/\" title=\"10:24 am\" class=\"meta-item data-link\" rel=\"bookmark\"><time class=\"entry-date updated\" datetime=\"2023-01-11T10:24:18+02:00\">ianuarie 11, 2023<\/time><\/a><\/div><div class=\"entry-excerpt\"><p>Ce este important pentru dumneavoastr\u0103? Pentru mine, lucruri mici, cum ar fi modul \u00een care se prezint\u0103, salutul \u0219i comunicarea sunt importante. De exemplu, atunci c\u00e2nd o asistent\u0103 medical\u0103 este cu mine pentru prima dat\u0103, a\u0219 dori ca ea s\u0103-mi vorbeasc\u0103 despre istoricul meu medical, starea mea de s\u0103n\u0103tate \u0219i nevoile mele.<\/p>\n<\/div>\n<a class=\"post-details details-type-btn dt-btn-s dt-btn\" href=\"https:\/\/heroesproject.eu\/ro\/2023\/01\/11\/perspectiva-beneficiarului-ingrijirii-ce-face-o-asistenta-medicala-de-incredere-pentru-tine\/\" rel=\"nofollow\" aria-label=\"Read more about The perspective of care receivers: What makes a trustworthy caregiver for you? What kind of quality of care is needed to feel comfortable?\"><span>Read article<\/span><\/a>\n<\/div><\/article><\/div><div class=\"visible wf-cell category-77\" data-post-id=\"5115\" data-date=\"2023-01-11T09:22:21+02:00\" data-name=\"How does a care receivers from Switzerland perceive the professional home care services?\"><article class=\"post visible post-5115 type-post status-publish format-standard has-post-thumbnail hentry category-community-of-practice category-77 description-off\" data-name=\"How does a care receivers from Switzerland perceive the professional home care services?\" data-date=\"2023-01-11T09:22:21+02:00\">\n\n\t<div class=\"post-thumbnail-wrap rollover-active\">\n\t\t<div class=\"post-thumbnail\">\n\n\t\t\t<a href=\"https:\/\/heroesproject.eu\/ro\/2023\/01\/11\/professional-home-care-from-the-perspective-of-care-receivers\/\" class=\"post-thumbnail-rollover layzr-bg\" aria-label=\"Post image\" rel=\"nofollow\"><img loading=\"lazy\" class=\"preload-me lazy-load\" src=\"data:image\/svg+xml,%3Csvg%20xmlns%3D&#39;http%3A%2F%2Fwww.w3.org%2F2000%2Fsvg&#39;%20viewBox%3D&#39;0%200%20768%20576&#39;%2F%3E\" data-src=\"https:\/\/heroesproject.eu\/wp-content\/uploads\/2023\/01\/sven-mieke-zlA7c39DfFk-unsplash-scaled-768x576.jpg\" data-srcset=\"https:\/\/heroesproject.eu\/wp-content\/uploads\/2023\/01\/sven-mieke-zlA7c39DfFk-unsplash-scaled-768x576.jpg 768w, https:\/\/heroesproject.eu\/wp-content\/uploads\/2023\/01\/sven-mieke-zlA7c39DfFk-unsplash-scaled-1152x864.jpg 1152w\" alt=\"\" title=\"sven-mieke-zlA7c39DfFk-unsplash\" width=\"768\" height=\"576\"  \/><\/a><div class=\"project-links-container\"><a href=\"https:\/\/heroesproject.eu\/ro\/2023\/01\/11\/professional-home-care-from-the-perspective-of-care-receivers\/\" class=\"project-details\" aria-label=\"Details link\" rel=\"nofollow\"><span aria-hidden=\"true\" class=\"icomoon-the7-font-the7-plus-03\"><\/span><\/a><\/div>\n\t\t<\/div>\n\t<\/div>\n\n\n<div class=\"post-entry-content\">\n\n\t<h3 class=\"ele-entry-title\"><a href=\"https:\/\/heroesproject.eu\/ro\/2023\/01\/11\/professional-home-care-from-the-perspective-of-care-receivers\/\" title=\"Cum percepe un beneficiar de \u00eengrijire din Elve\u021bia serviciile profesionale de \u00eengrijire la domiciliu?\" rel=\"bookmark\">Cum percepe un beneficiar de \u00eengrijire din Elve\u021bia serviciile profesionale de \u00eengrijire la domiciliu?<\/a><\/h3><div class=\"entry-meta\"><span class=\"meta-item category-link\"><a href=\"https:\/\/heroesproject.eu\/ro\/category\/community-of-practice\/\" rel=\"tag\">Community of Practice<\/a><\/span><a href=\"https:\/\/heroesproject.eu\/ro\/2023\/01\/11\/\" title=\"9:22 am\" class=\"meta-item data-link\" rel=\"bookmark\"><time class=\"entry-date updated\" datetime=\"2023-01-11T09:22:21+02:00\">ianuarie 11, 2023<\/time><\/a><\/div><div class=\"entry-excerpt\"><p>Pentru a ob\u021bine o mai bun\u0103 \u00een\u021belegere a perspectivei beneficiarilor de \u00eengrijire, a fost realizat un alt interviu. Am intervievat o persoan\u0103 \u00een v\u00e2rst\u0103 de 72 de ani care a fost recent \u00eengrijit\u0103 la domiciliu de c\u0103tre Spitex, un serviciu elve\u021bian de \u00eengrijire la domiciliu . .<\/p>\n<\/div>\n<a class=\"post-details details-type-btn dt-btn-s dt-btn\" href=\"https:\/\/heroesproject.eu\/ro\/2023\/01\/11\/professional-home-care-from-the-perspective-of-care-receivers\/\" rel=\"nofollow\" aria-label=\"Read more about How does a care receivers from Switzerland perceive the professional home care services?\"><span>Read article<\/span><\/a>\n<\/div><\/article><\/div><div class=\"visible wf-cell category-77\" data-post-id=\"5099\" data-date=\"2022-12-09T14:22:08+02:00\" data-name=\"How does the care receiver perceive the care service?\"><article class=\"post visible post-5099 type-post status-publish format-standard has-post-thumbnail hentry category-community-of-practice category-77 description-off\" data-name=\"How does the care receiver perceive the care service?\" data-date=\"2022-12-09T14:22:08+02:00\">\n\n\t<div class=\"post-thumbnail-wrap rollover-active\">\n\t\t<div class=\"post-thumbnail\">\n\n\t\t\t<a href=\"https:\/\/heroesproject.eu\/ro\/2022\/12\/09\/the-perspective-of-the-care-receiver\/\" class=\"post-thumbnail-rollover layzr-bg\" aria-label=\"Post image\" rel=\"nofollow\"><img loading=\"lazy\" class=\"preload-me lazy-load\" src=\"data:image\/svg+xml,%3Csvg%20xmlns%3D&#39;http%3A%2F%2Fwww.w3.org%2F2000%2Fsvg&#39;%20viewBox%3D&#39;0%200%20768%20576&#39;%2F%3E\" data-src=\"https:\/\/heroesproject.eu\/wp-content\/uploads\/2022\/01\/Background_Image-768x576.png\" data-srcset=\"https:\/\/heroesproject.eu\/wp-content\/uploads\/2022\/01\/Background_Image-768x576.png 768w, https:\/\/heroesproject.eu\/wp-content\/uploads\/2022\/01\/Background_Image-1152x864.png 1152w\" alt=\"\" title=\"Background_Image\" width=\"768\" height=\"576\"  \/><\/a><div class=\"project-links-container\"><a href=\"https:\/\/heroesproject.eu\/ro\/2022\/12\/09\/the-perspective-of-the-care-receiver\/\" class=\"project-details\" aria-label=\"Details link\" rel=\"nofollow\"><span aria-hidden=\"true\" class=\"icomoon-the7-font-the7-plus-03\"><\/span><\/a><\/div>\n\t\t<\/div>\n\t<\/div>\n\n\n<div class=\"post-entry-content\">\n\n\t<h3 class=\"ele-entry-title\"><a href=\"https:\/\/heroesproject.eu\/ro\/2022\/12\/09\/the-perspective-of-the-care-receiver\/\" title=\"Cum percepe beneficiarul de \u00eengrijire serviciul de \u00eengrijire?\" rel=\"bookmark\">Cum percepe beneficiarul de \u00eengrijire serviciul de \u00eengrijire?<\/a><\/h3><div class=\"entry-meta\"><span class=\"meta-item category-link\"><a href=\"https:\/\/heroesproject.eu\/ro\/category\/community-of-practice\/\" rel=\"tag\">Community of Practice<\/a><\/span><a href=\"https:\/\/heroesproject.eu\/ro\/2022\/12\/09\/\" title=\"2:22 pm\" class=\"meta-item data-link\" rel=\"bookmark\"><time class=\"entry-date updated\" datetime=\"2022-12-09T14:22:08+02:00\">decembrie 9, 2022<\/time><\/a><\/div><div class=\"entry-excerpt\"><p>Atunci c\u00e2nd c\u0103uta\u021bi un \u00eengrijitor, ce este important pentru dvs.?\nUn \u00eengrijitor ar trebui s\u0103 fie punctual \u0219i s\u0103 aib\u0103 cele mai bune interese \u00een minte. Vreau s\u0103 \u0219tiu c\u0103 este o persoan\u0103 de \u00eencredere, cu care voi putea lega o colaborare de lung\u0103 durat\u0103. Nu vreau s\u0103 v\u0103d c\u0103 \u00een propria mea cas\u0103 se plimb\u0103 s\u0103pt\u0103m\u00e2nal o alt\u0103 persoan\u0103 - \u00eencrederea \u00een \u00eengrijitori la domiciliu mi-o formez greu, dar \u0219i r\u0103m\u00e2ne pe termen lung.<\/p>\n<\/div>\n<a class=\"post-details details-type-btn dt-btn-s dt-btn\" href=\"https:\/\/heroesproject.eu\/ro\/2022\/12\/09\/the-perspective-of-the-care-receiver\/\" rel=\"nofollow\" aria-label=\"Read more about How does the care receiver perceive the care service?\"><span>Read article<\/span><\/a>\n<\/div><\/article><\/div><div class=\"visible wf-cell category-30\" data-post-id=\"5096\" data-date=\"2022-11-10T16:23:19+02:00\" data-name=\"A disscusion with Edith Wohlfender, Director of the Swiss Nursing Association in St.Gallen\"><article class=\"post visible post-5096 type-post status-publish format-standard has-post-thumbnail hentry category-industry category-30 description-off\" data-name=\"A disscusion with Edith Wohlfender, Director of the Swiss Nursing Association in St.Gallen\" data-date=\"2022-11-10T16:23:19+02:00\">\n\n\t<div class=\"post-thumbnail-wrap rollover-active\">\n\t\t<div class=\"post-thumbnail\">\n\n\t\t\t<a href=\"https:\/\/heroesproject.eu\/ro\/2022\/11\/10\/interview-wohlfender\/\" class=\"post-thumbnail-rollover layzr-bg\" aria-label=\"Post image\" rel=\"nofollow\"><img loading=\"lazy\" class=\"preload-me lazy-load\" src=\"data:image\/svg+xml,%3Csvg%20xmlns%3D&#39;http%3A%2F%2Fwww.w3.org%2F2000%2Fsvg&#39;%20viewBox%3D&#39;0%200%20768%20576&#39;%2F%3E\" data-src=\"https:\/\/heroesproject.eu\/wp-content\/uploads\/2022\/07\/pexels-sora-shimazaki-5668858-scaled-768x576.jpg\" data-srcset=\"https:\/\/heroesproject.eu\/wp-content\/uploads\/2022\/07\/pexels-sora-shimazaki-5668858-scaled-768x576.jpg 768w, https:\/\/heroesproject.eu\/wp-content\/uploads\/2022\/07\/pexels-sora-shimazaki-5668858-scaled-1152x864.jpg 1152w\" alt=\"\" title=\"pexels-sora-shimazaki-5668858\" width=\"768\" height=\"576\"  \/><\/a><div class=\"project-links-container\"><a href=\"https:\/\/heroesproject.eu\/ro\/2022\/11\/10\/interview-wohlfender\/\" class=\"project-details\" aria-label=\"Details link\" rel=\"nofollow\"><span aria-hidden=\"true\" class=\"icomoon-the7-font-the7-plus-03\"><\/span><\/a><\/div>\n\t\t<\/div>\n\t<\/div>\n\n\n<div class=\"post-entry-content\">\n\n\t<h3 class=\"ele-entry-title\"><a href=\"https:\/\/heroesproject.eu\/ro\/2022\/11\/10\/interview-wohlfender\/\" title=\"O discu\u021bie cu Edith Wohlfender, directorul Asocia\u021biei Elve\u021biene de Asisten\u021b\u0103 Medical\u0103 din St.Gallen\" rel=\"bookmark\">O discu\u021bie cu Edith Wohlfender, directorul Asocia\u021biei Elve\u021biene de Asisten\u021b\u0103 Medical\u0103 din St.Gallen<\/a><\/h3><div class=\"entry-meta\"><span class=\"meta-item category-link\"><a href=\"https:\/\/heroesproject.eu\/ro\/category\/industry\/\" rel=\"tag\">Industry<\/a><\/span><a href=\"https:\/\/heroesproject.eu\/ro\/2022\/11\/10\/\" title=\"4:23 pm\" class=\"meta-item data-link\" rel=\"bookmark\"><time class=\"entry-date updated\" datetime=\"2022-11-10T16:23:19+02:00\">noiembrie 10, 2022<\/time><\/a><\/div><div class=\"entry-excerpt\"><p>Pentru proiectul HEROES, este deosebit de important s\u0103 se \u00een\u021beleag\u0103 \u0219i s\u0103 se cunoasc\u0103 condi\u021biile-cadru specifice fiec\u0103rei \u021b\u0103ri \u0219i provoc\u0103rile legate de recrutarea personalului de \u00eengrijire \u0219i asisten\u021b\u0103 medical\u0103. Katharina Molterer, cercet\u0103tor asociat la Institutul de Cercetare a \u00cemb\u0103tr\u00e2nirii din cadrul Universit\u0103\u021bii de \u0218tiin\u021be Aplicate din Elve\u021bia de Est, a realizat un interviu cu Edith Wohlfender, director al Asocia\u021biei elve\u021biene a asisten\u021bilor medicali din St. Gallen, la 16.06.2022. Cele mai importante declara\u021bii \u0219i r\u0103spunsuri la \u00eentreb\u0103rile adresate sunt enumerate \u0219i rezumate mai jos:<\/p>\n<\/div>\n<a class=\"post-details details-type-btn dt-btn-s dt-btn\" href=\"https:\/\/heroesproject.eu\/ro\/2022\/11\/10\/interview-wohlfender\/\" rel=\"nofollow\" aria-label=\"Read more about A disscusion with Edith Wohlfender, Director of the Swiss Nursing Association in St.Gallen\"><span>Read article<\/span><\/a>\n<\/div><\/article><\/div><div class=\"hidden wf-cell category-41\" data-post-id=\"5084\" data-date=\"2022-09-23T10:06:04+02:00\" data-name=\"Interview with Heidrun Gattinger, Head of the Institute of Applied Nursing Science at the Eastern Switzerland University of Applied Sciences\"><article class=\"post visible post-5084 type-post status-publish format-standard has-post-thumbnail hentry category-uncategorized-en category-41 description-off\" data-name=\"Interview with Heidrun Gattinger, Head of the Institute of Applied Nursing Science at the Eastern Switzerland University of Applied Sciences\" data-date=\"2022-09-23T10:06:04+02:00\">\n\n\t<div class=\"post-thumbnail-wrap rollover-active\">\n\t\t<div class=\"post-thumbnail\">\n\n\t\t\t<a href=\"https:\/\/heroesproject.eu\/ro\/2022\/09\/23\/interview-with-heidrun-gattinger-head-of-the-institute-of-applied-nursing-science-at-the-eastern-switzerland-university-of-applied-sciences\/\" class=\"post-thumbnail-rollover layzr-bg\" aria-label=\"Post image\" rel=\"nofollow\"><img loading=\"lazy\" class=\"preload-me lazy-load\" src=\"data:image\/svg+xml,%3Csvg%20xmlns%3D&#39;http%3A%2F%2Fwww.w3.org%2F2000%2Fsvg&#39;%20viewBox%3D&#39;0%200%20768%20576&#39;%2F%3E\" data-src=\"https:\/\/heroesproject.eu\/wp-content\/uploads\/2022\/09\/research-768x576.jpg\" data-srcset=\"https:\/\/heroesproject.eu\/wp-content\/uploads\/2022\/09\/research-768x576.jpg 768w, https:\/\/heroesproject.eu\/wp-content\/uploads\/2022\/09\/research-1052x789.jpg 1052w\" alt=\"\" title=\"research\" width=\"768\" height=\"576\"  \/><\/a><div class=\"project-links-container\"><a href=\"https:\/\/heroesproject.eu\/ro\/2022\/09\/23\/interview-with-heidrun-gattinger-head-of-the-institute-of-applied-nursing-science-at-the-eastern-switzerland-university-of-applied-sciences\/\" class=\"project-details\" aria-label=\"Details link\" rel=\"nofollow\"><span aria-hidden=\"true\" class=\"icomoon-the7-font-the7-plus-03\"><\/span><\/a><\/div>\n\t\t<\/div>\n\t<\/div>\n\n\n<div class=\"post-entry-content\">\n\n\t<h3 class=\"ele-entry-title\"><a href=\"https:\/\/heroesproject.eu\/ro\/2022\/09\/23\/interview-with-heidrun-gattinger-head-of-the-institute-of-applied-nursing-science-at-the-eastern-switzerland-university-of-applied-sciences\/\" title=\"Interviu cu Heidrun Gattinger, Head of the Institute of Applied Nursing Science at the Eastern Switzerland University of Applied Sciences\" rel=\"bookmark\">Interviu cu Heidrun Gattinger, Head of the Institute of Applied Nursing Science at the Eastern Switzerland University of Applied Sciences<\/a><\/h3><div class=\"entry-meta\"><span class=\"meta-item category-link\"><a href=\"https:\/\/heroesproject.eu\/ro\/category\/uncategorized-en\/\" rel=\"tag\">Uncategorized<\/a><\/span><a href=\"https:\/\/heroesproject.eu\/ro\/2022\/09\/23\/\" title=\"10:06 am\" class=\"meta-item data-link\" rel=\"bookmark\"><time class=\"entry-date updated\" datetime=\"2022-09-23T10:06:04+02:00\">septembrie 23, 2022<\/time><\/a><\/div><div class=\"entry-excerpt\"><p>\u00cen data de 12.07.2022, Katharina Molterer a realizat un alt interviu cu Heidrun Gattinger, \u0219efa Institutului de \u0219tiin\u021be aplicate \u00een domeniul \u00eengrijirii medicale din cadrul Universit\u0103\u021bii de \u0218tiin\u021be Aplicate din Elve\u021bia de Est, cu privire la condi\u021biile-cadru pentru recrutarea de profesioni\u0219ti \u00een domeniul asisten\u021bei medicale \u0219i al \u00eengrijirii \u00een Elve\u021bia.<\/p>\n<\/div>\n<a class=\"post-details details-type-btn dt-btn-s dt-btn\" href=\"https:\/\/heroesproject.eu\/ro\/2022\/09\/23\/interview-with-heidrun-gattinger-head-of-the-institute-of-applied-nursing-science-at-the-eastern-switzerland-university-of-applied-sciences\/\" rel=\"nofollow\" aria-label=\"Read more about Interview with Heidrun Gattinger, Head of the Institute of Applied Nursing Science at the Eastern Switzerland University of Applied Sciences\"><span>Read article<\/span><\/a>\n<\/div><\/article><\/div><div class=\"hidden wf-cell category-77\" data-post-id=\"5071\" data-date=\"2022-07-21T10:00:00+02:00\" data-name=\"Sustainable recruitment of care workers in the EU\"><article class=\"post visible post-5071 type-post status-publish format-standard has-post-thumbnail hentry category-community-of-practice category-77 description-off\" data-name=\"Sustainable recruitment of care workers in the EU\" data-date=\"2022-07-21T10:00:00+02:00\">\n\n\t<div class=\"post-thumbnail-wrap rollover-active\">\n\t\t<div class=\"post-thumbnail\">\n\n\t\t\t<a href=\"https:\/\/heroesproject.eu\/ro\/2022\/07\/21\/sustainable-recruitment-of-care-workers-in-the-eu\/\" class=\"post-thumbnail-rollover layzr-bg\" aria-label=\"Post image\" rel=\"nofollow\"><img loading=\"lazy\" class=\"preload-me lazy-load\" src=\"data:image\/svg+xml,%3Csvg%20xmlns%3D&#39;http%3A%2F%2Fwww.w3.org%2F2000%2Fsvg&#39;%20viewBox%3D&#39;0%200%20768%20576&#39;%2F%3E\" data-src=\"https:\/\/heroesproject.eu\/wp-content\/uploads\/2022\/07\/pexels-sora-shimazaki-5668858-scaled-768x576.jpg\" data-srcset=\"https:\/\/heroesproject.eu\/wp-content\/uploads\/2022\/07\/pexels-sora-shimazaki-5668858-scaled-768x576.jpg 768w, https:\/\/heroesproject.eu\/wp-content\/uploads\/2022\/07\/pexels-sora-shimazaki-5668858-scaled-1152x864.jpg 1152w\" alt=\"\" title=\"pexels-sora-shimazaki-5668858\" width=\"768\" height=\"576\"  \/><\/a><div class=\"project-links-container\"><a href=\"https:\/\/heroesproject.eu\/ro\/2022\/07\/21\/sustainable-recruitment-of-care-workers-in-the-eu\/\" class=\"project-details\" aria-label=\"Details link\" rel=\"nofollow\"><span aria-hidden=\"true\" class=\"icomoon-the7-font-the7-plus-03\"><\/span><\/a><\/div>\n\t\t<\/div>\n\t<\/div>\n\n\n<div class=\"post-entry-content\">\n\n\t<h3 class=\"ele-entry-title\"><a href=\"https:\/\/heroesproject.eu\/ro\/2022\/07\/21\/sustainable-recruitment-of-care-workers-in-the-eu\/\" title=\"Recrutarea durabil\u0103 a personalului de \u00eengrijire \u00een UE\" rel=\"bookmark\">Recrutarea durabil\u0103 a personalului de \u00eengrijire \u00een UE<\/a><\/h3><div class=\"entry-meta\"><span class=\"meta-item category-link\"><a href=\"https:\/\/heroesproject.eu\/ro\/category\/community-of-practice\/\" rel=\"tag\">Community of Practice<\/a><\/span><a href=\"https:\/\/heroesproject.eu\/ro\/2022\/07\/21\/\" title=\"10:00 am\" class=\"meta-item data-link\" rel=\"bookmark\"><time class=\"entry-date updated\" datetime=\"2022-07-21T10:00:00+02:00\">iulie 21, 2022<\/time><\/a><\/div><div class=\"entry-excerpt\"><p>Recrutarea \u00eengrijitorilor ridic\u0103 probleme \u00een \u00eentreaga Europ\u0103. Monica Moldovan, coordonatoarea proiectului HEROES, a discutat provoc\u0103rile \u0219i modalit\u0103\u021bile de dep\u0103\u0219ire a acestora cu reprezentanta Comisiei Europene \u00een aceast\u0103 privin\u021b\u0103, dna Katarina IVANKOVIC-KNEZEVIC - Director pentru drepturi sociale \u0219i incluziune (DG EMPL).<\/p>\n<\/div>\n<a class=\"post-details details-type-btn dt-btn-s dt-btn\" href=\"https:\/\/heroesproject.eu\/ro\/2022\/07\/21\/sustainable-recruitment-of-care-workers-in-the-eu\/\" rel=\"nofollow\" aria-label=\"Read more about Sustainable recruitment of care workers in the EU\"><span>Read article<\/span><\/a>\n<\/div><\/article><\/div><div class=\"hidden wf-cell category-41\" data-post-id=\"5052\" data-date=\"2022-04-08T14:26:59+02:00\" data-name=\"HEROES in the focus of the IARA research colloquium\"><article class=\"post visible post-5052 type-post status-publish format-standard has-post-thumbnail hentry category-uncategorized-en category-41 description-off\" data-name=\"HEROES in the focus of the IARA research colloquium\" data-date=\"2022-04-08T14:26:59+02:00\">\n\n\t<div class=\"post-thumbnail-wrap rollover-active\">\n\t\t<div class=\"post-thumbnail\">\n\n\t\t\t<a href=\"https:\/\/heroesproject.eu\/ro\/2022\/04\/08\/heroes-in-the-focus-of-the-iara-research-colloquium\/\" class=\"post-thumbnail-rollover layzr-bg\" aria-label=\"Post image\" rel=\"nofollow\"><img loading=\"lazy\" class=\"preload-me lazy-load\" src=\"data:image\/svg+xml,%3Csvg%20xmlns%3D&#39;http%3A%2F%2Fwww.w3.org%2F2000%2Fsvg&#39;%20viewBox%3D&#39;0%200%20768%20576&#39;%2F%3E\" data-src=\"https:\/\/heroesproject.eu\/wp-content\/uploads\/2022\/04\/Einladung_Forschungskolloquium-16032022-768x576.jpg\" data-srcset=\"https:\/\/heroesproject.eu\/wp-content\/uploads\/2022\/04\/Einladung_Forschungskolloquium-16032022-768x576.jpg 768w, https:\/\/heroesproject.eu\/wp-content\/uploads\/2022\/04\/Einladung_Forschungskolloquium-16032022-1128x846.jpg 1128w\" alt=\"\" title=\"Einladung_Forschungskolloquium-16032022\" width=\"768\" height=\"576\"  \/><\/a><div class=\"project-links-container\"><a href=\"https:\/\/heroesproject.eu\/ro\/2022\/04\/08\/heroes-in-the-focus-of-the-iara-research-colloquium\/\" class=\"project-details\" aria-label=\"Details link\" rel=\"nofollow\"><span aria-hidden=\"true\" class=\"icomoon-the7-font-the7-plus-03\"><\/span><\/a><\/div>\n\t\t<\/div>\n\t<\/div>\n\n\n<div class=\"post-entry-content\">\n\n\t<h3 class=\"ele-entry-title\"><a href=\"https:\/\/heroesproject.eu\/ro\/2022\/04\/08\/heroes-in-the-focus-of-the-iara-research-colloquium\/\" title=\"HEROES \u00een centrul colocviului de cercetare IARA\" rel=\"bookmark\">HEROES \u00een centrul colocviului de cercetare IARA<\/a><\/h3><div class=\"entry-meta\"><span class=\"meta-item category-link\"><a href=\"https:\/\/heroesproject.eu\/ro\/category\/uncategorized-en\/\" rel=\"tag\">Uncategorized<\/a><\/span><a href=\"https:\/\/heroesproject.eu\/ro\/2022\/04\/08\/\" title=\"2:26 pm\" class=\"meta-item data-link\" rel=\"bookmark\"><time class=\"entry-date updated\" datetime=\"2022-04-08T14:26:59+02:00\">aprilie 8, 2022<\/time><\/a><\/div><div class=\"entry-excerpt\"><p>Miercuri, 16 martie 2022, partenerul nostru de proiect austriac, Institutul de Cercetare Aplicat\u0103 asupra \u00cemb\u0103tr\u00e2nirii IARA de la Universitatea de \u0218tiin\u021be Aplicate din Carintia, \u0219i-a dedicat colocviul de cercetare online introducerii \u00een proiectul HEROES \u0219i unei compara\u021bii de \u021bar\u0103 privind ocuparea for\u021bei de munc\u0103, voluntariat \u0219i s\u0103n\u0103tate. la b\u0103tr\u00e2ne\u0163e \u00een Austria, Rom\u00e2nia \u015fi Elve\u0163ia.<\/p>\n<\/div>\n<a class=\"post-details details-type-btn dt-btn-s dt-btn\" href=\"https:\/\/heroesproject.eu\/ro\/2022\/04\/08\/heroes-in-the-focus-of-the-iara-research-colloquium\/\" rel=\"nofollow\" aria-label=\"Read more about HEROES in the focus of the IARA research colloquium\"><span>Read article<\/span><\/a>\n<\/div><\/article><\/div><div class=\"hidden wf-cell category-41\" data-post-id=\"4837\" data-date=\"2021-12-15T10:35:40+02:00\" data-name=\"Reflecting the third round of Co-Creation Workshops\"><article class=\"post visible post-4837 type-post status-publish format-standard has-post-thumbnail hentry category-uncategorized-en category-41 description-off\" data-name=\"Reflecting the third round of Co-Creation Workshops\" data-date=\"2021-12-15T10:35:40+02:00\">\n\n\t<div class=\"post-thumbnail-wrap rollover-active\">\n\t\t<div class=\"post-thumbnail\">\n\n\t\t\t<a href=\"https:\/\/heroesproject.eu\/ro\/2021\/12\/15\/reflecting-the-third-round-of-co-creation-workshops\/\" class=\"post-thumbnail-rollover layzr-bg\" aria-label=\"Post image\" rel=\"nofollow\"><img loading=\"lazy\" class=\"preload-me lazy-load\" src=\"data:image\/svg+xml,%3Csvg%20xmlns%3D&#39;http%3A%2F%2Fwww.w3.org%2F2000%2Fsvg&#39;%20viewBox%3D&#39;0%200%20497%20373&#39;%2F%3E\" data-src=\"https:\/\/heroesproject.eu\/wp-content\/uploads\/2021\/12\/image_2021-12-15_103758-497x373.png\" data-srcset=\"https:\/\/heroesproject.eu\/wp-content\/uploads\/2021\/12\/image_2021-12-15_103758-497x373.png 497w, https:\/\/heroesproject.eu\/wp-content\/uploads\/2021\/12\/image_2021-12-15_103758-497x372.png 497w\" alt=\"\" title=\"image_2021-12-15_103758\" width=\"497\" height=\"373\"  \/><\/a><div class=\"project-links-container\"><a href=\"https:\/\/heroesproject.eu\/ro\/2021\/12\/15\/reflecting-the-third-round-of-co-creation-workshops\/\" class=\"project-details\" aria-label=\"Details link\" rel=\"nofollow\"><span aria-hidden=\"true\" class=\"icomoon-the7-font-the7-plus-03\"><\/span><\/a><\/div>\n\t\t<\/div>\n\t<\/div>\n\n\n<div class=\"post-entry-content\">\n\n\t<h3 class=\"ele-entry-title\"><a href=\"https:\/\/heroesproject.eu\/ro\/2021\/12\/15\/reflecting-the-third-round-of-co-creation-workshops\/\" title=\"Reflec\u021bii privind cea de-a treia rund\u0103 de ateliere de co-creatie\" rel=\"bookmark\">Reflec\u021bii privind cea de-a treia rund\u0103 de ateliere de co-creatie<\/a><\/h3><div class=\"entry-meta\"><span class=\"meta-item category-link\"><a href=\"https:\/\/heroesproject.eu\/ro\/category\/uncategorized-en\/\" rel=\"tag\">Uncategorized<\/a><\/span><a href=\"https:\/\/heroesproject.eu\/ro\/2021\/12\/15\/\" title=\"10:35 am\" class=\"meta-item data-link\" rel=\"bookmark\"><time class=\"entry-date updated\" datetime=\"2021-12-15T10:35:40+02:00\">decembrie 15, 2021<\/time><\/a><\/div><div class=\"entry-excerpt\"><p>\u00cen Elve\u021bia au avut loc \u0219i ateliere de co-creare \u00een ultimele luni. \u00cen aceast\u0103 postare pe blog, noi, Institutul de Cercetare a \u00cemb\u0103tr\u00e2nirii (IAF) al Universit\u0103\u021bii de \u0218tiin\u021be Aplicate din Elve\u021bia de Est (OST) \u2013 raport\u0103m \u0219i reflect\u0103m experien\u021bele noastre cu cea de-a treia rund\u0103 de ateliere, care a avut loc la sf\u00e2r\u0219itul lunii noiembrie\/\u00eenceputul lunii noiembrie. din decembrie 2021<\/p>\n<\/div>\n<a class=\"post-details details-type-btn dt-btn-s dt-btn\" href=\"https:\/\/heroesproject.eu\/ro\/2021\/12\/15\/reflecting-the-third-round-of-co-creation-workshops\/\" rel=\"nofollow\" aria-label=\"Read more about Reflecting the third round of Co-Creation Workshops\"><span>Read article<\/span><\/a>\n<\/div><\/article><\/div><div class=\"hidden wf-cell category-41\" data-post-id=\"4644\" data-date=\"2021-10-05T17:20:53+02:00\" data-name=\"HEROES Co-Creation\"><article class=\"post visible post-4644 type-post status-publish format-standard has-post-thumbnail hentry category-uncategorized-en category-41 description-off\" data-name=\"HEROES Co-Creation\" data-date=\"2021-10-05T17:20:53+02:00\">\n\n\t<div class=\"post-thumbnail-wrap rollover-active\">\n\t\t<div class=\"post-thumbnail\">\n\n\t\t\t<a href=\"https:\/\/heroesproject.eu\/ro\/2021\/10\/05\/heroes-co-creation-workshops-in-austria-held-by-rapid-user-feedback\/\" class=\"post-thumbnail-rollover layzr-bg\" aria-label=\"Post image\" rel=\"nofollow\"><img loading=\"lazy\" class=\"preload-me lazy-load\" src=\"data:image\/svg+xml,%3Csvg%20xmlns%3D&#39;http%3A%2F%2Fwww.w3.org%2F2000%2Fsvg&#39;%20viewBox%3D&#39;0%200%20768%20576&#39;%2F%3E\" data-src=\"https:\/\/heroesproject.eu\/wp-content\/uploads\/2021\/10\/pexels-fauxels-3183146-768x576.jpg\" data-srcset=\"https:\/\/heroesproject.eu\/wp-content\/uploads\/2021\/10\/pexels-fauxels-3183146-768x576.jpg 768w, https:\/\/heroesproject.eu\/wp-content\/uploads\/2021\/10\/pexels-fauxels-3183146-1138x854.jpg 1138w\" alt=\"\" title=\"pexels-fauxels-3183146\" width=\"768\" height=\"576\"  \/><\/a><div class=\"project-links-container\"><a href=\"https:\/\/heroesproject.eu\/ro\/2021\/10\/05\/heroes-co-creation-workshops-in-austria-held-by-rapid-user-feedback\/\" class=\"project-details\" aria-label=\"Details link\" rel=\"nofollow\"><span aria-hidden=\"true\" class=\"icomoon-the7-font-the7-plus-03\"><\/span><\/a><\/div>\n\t\t<\/div>\n\t<\/div>\n\n\n<div class=\"post-entry-content\">\n\n\t<h3 class=\"ele-entry-title\"><a href=\"https:\/\/heroesproject.eu\/ro\/2021\/10\/05\/heroes-co-creation-workshops-in-austria-held-by-rapid-user-feedback\/\" title=\"HEROES Co-Creation\" rel=\"bookmark\">HEROES Co-Creation<\/a><\/h3><div class=\"entry-meta\"><span class=\"meta-item category-link\"><a href=\"https:\/\/heroesproject.eu\/ro\/category\/uncategorized-en\/\" rel=\"tag\">Uncategorized<\/a><\/span><a href=\"https:\/\/heroesproject.eu\/ro\/2021\/10\/05\/\" title=\"5:20 pm\" class=\"meta-item data-link\" rel=\"bookmark\"><time class=\"entry-date updated\" datetime=\"2021-10-05T17:20:53+02:00\">octombrie 5, 2021<\/time><\/a><\/div><div class=\"entry-excerpt\"><p>Atelierele de co-creare HEROES \u00een Austria \u2013 sus\u021binute de feedbackul rapid al utilizatorilor Ca \u0219i \u00een cazul multor organiza\u021bii, institu\u021bii \u0219i proiecte de cercetare diferite din \u00eentreaga lume, pandemia de Covid-19 a avut un impact asupra modului \u00een care lucr\u0103m \u00eempreun\u0103 \u00een echipe \u0219i, de asemenea, asupra modului \u00een care aducem diferite oameni \u00eempreun\u0103 pentru ateliere, \u00eent\u00e2lniri \u0219i alte \u00eent\u00e2lniri de afaceri.<\/p>\n<\/div>\n<a class=\"post-details details-type-btn dt-btn-s dt-btn\" href=\"https:\/\/heroesproject.eu\/ro\/2021\/10\/05\/heroes-co-creation-workshops-in-austria-held-by-rapid-user-feedback\/\" rel=\"nofollow\" aria-label=\"Read more about HEROES Co-Creation\"><span>Read article<\/span><\/a>\n<\/div><\/article><\/div><div class=\"hidden wf-cell category-41\" data-post-id=\"169\" data-date=\"2021-08-11T09:00:00+02:00\" data-name=\"Co-creating age inclusive products\"><article class=\"post visible post-169 type-post status-publish format-standard has-post-thumbnail hentry category-uncategorized-en category-41 description-off\" data-name=\"Co-creating age inclusive products\" data-date=\"2021-08-11T09:00:00+02:00\">\n\n\t<div class=\"post-thumbnail-wrap rollover-active\">\n\t\t<div class=\"post-thumbnail\">\n\n\t\t\t<a href=\"https:\/\/heroesproject.eu\/ro\/2021\/08\/11\/co-creating-age-inclusive-products\/\" class=\"post-thumbnail-rollover layzr-bg\" aria-label=\"Post image\" rel=\"nofollow\"><img loading=\"lazy\" class=\"preload-me lazy-load\" src=\"data:image\/svg+xml,%3Csvg%20xmlns%3D&#39;http%3A%2F%2Fwww.w3.org%2F2000%2Fsvg&#39;%20viewBox%3D&#39;0%200%20768%20576&#39;%2F%3E\" data-src=\"https:\/\/heroesproject.eu\/wp-content\/uploads\/2021\/07\/Peter-Kindersley-scaled-768x576.jpg\" data-srcset=\"https:\/\/heroesproject.eu\/wp-content\/uploads\/2021\/07\/Peter-Kindersley-scaled-768x576.jpg 768w, https:\/\/heroesproject.eu\/wp-content\/uploads\/2021\/07\/Peter-Kindersley-scaled-1152x864.jpg 1152w\" alt=\"\" title=\"Images by Photographer Peter Kindersley\" width=\"768\" height=\"576\"  \/><\/a><div class=\"project-links-container\"><a href=\"https:\/\/heroesproject.eu\/ro\/2021\/08\/11\/co-creating-age-inclusive-products\/\" class=\"project-details\" aria-label=\"Details link\" rel=\"nofollow\"><span aria-hidden=\"true\" class=\"icomoon-the7-font-the7-plus-03\"><\/span><\/a><\/div>\n\t\t<\/div>\n\t<\/div>\n\n\n<div class=\"post-entry-content\">\n\n\t<h3 class=\"ele-entry-title\"><a href=\"https:\/\/heroesproject.eu\/ro\/2021\/08\/11\/co-creating-age-inclusive-products\/\" title=\"Co-crearea produselor care iau \u00een considerare v\u00e2rsta\" rel=\"bookmark\">Co-crearea produselor care iau \u00een considerare v\u00e2rsta<\/a><\/h3><div class=\"entry-meta\"><span class=\"meta-item category-link\"><a href=\"https:\/\/heroesproject.eu\/ro\/category\/uncategorized-en\/\" rel=\"tag\">Uncategorized<\/a><\/span><a href=\"https:\/\/heroesproject.eu\/ro\/2021\/08\/11\/\" title=\"9:00 am\" class=\"meta-item data-link\" rel=\"bookmark\"><time class=\"entry-date updated\" datetime=\"2021-08-11T09:00:00+02:00\">august 11, 2021<\/time><\/a><\/div><div class=\"entry-excerpt\"><p>Implicarea timpurie a utilizatorilor dvs., \u00eencep\u00e2nd cu faza de proiectare, este un pas cheie pentru dezvoltarea de produse sau servicii incluzive. Afla\u021bi mai jos mai multe despre ce \u00eenseamn\u0103 co-crearea \u0219i cum o folosim pentru a dezvolta platforma HEROES pentru recrutarea \u00eengrijitorilor.<\/p>\n<\/div>\n<a class=\"post-details details-type-btn dt-btn-s dt-btn\" href=\"https:\/\/heroesproject.eu\/ro\/2021\/08\/11\/co-creating-age-inclusive-products\/\" rel=\"nofollow\" aria-label=\"Read more about Co-creating age inclusive products\"><span>Read article<\/span><\/a>\n<\/div><\/article><\/div><\/div><!-- iso-container|iso-grid --><div class=\"paginator filter-decorations filter-pointer-underline filter-animation-fade\" role=\"navigation\"><\/div><\/div>\t\t<\/div>\n\t\t\t\t<\/div>\n\t\t\t\t\t<\/div>\n\t\t<\/div>\n\t\t\t\t\t\t\t<\/div>\n\t\t<\/section>\n\t\t\t\t\t\t<\/div>\n\t\t\t\t\t<\/div>","protected":false},"excerpt":{"rendered":"<p>Our blog Discover recent news &#038; events Share on facebook Facebook Share on twitter Twitter Share on linkedin LinkedIn Sort by dateSort by nameDescendingAscending Co-creating age inclusive products UncategorizedAugust 11, 2021 Engaging your users early on, starting from the design phase, is a key step for developing inclusive products or services. Find out bellow more&hellip;<\/p>","protected":false},"author":3,"featured_media":339,"parent":0,"menu_order":10,"comment_status":"closed","ping_status":"closed","template":"elementor_header_footer","meta":[],"yoast_head":"<!-- This site is optimized with the Yoast SEO plugin v16.6.1 - https:\/\/yoast.com\/wordpress\/plugins\/seo\/ -->\n<title>Blog - HEROES Project<\/title>\n<meta name=\"robots\" content=\"index, follow, max-snippet:-1, max-image-preview:large, max-video-preview:-1\" \/>\n<link rel=\"canonical\" href=\"https:\/\/heroesproject.eu\/ro\/blog\/\" \/>\n<meta property=\"og:locale\" content=\"ro_RO\" \/>\n<meta property=\"og:type\" content=\"article\" \/>\n<meta property=\"og:title\" content=\"Blog - HEROES Project\" \/>\n<meta property=\"og:description\" content=\"Our blog Discover recent news &#038; events Share on facebook Facebook Share on twitter Twitter Share on linkedin LinkedIn Sort by dateSort by nameDescendingAscending Co-creating age inclusive products UncategorizedAugust 11, 2021 Engaging your users early on, starting from the design phase, is a key step for developing inclusive products or services. Find out bellow more&hellip;\" \/>\n<meta property=\"og:url\" content=\"https:\/\/heroesproject.eu\/ro\/blog\/\" \/>\n<meta property=\"og:site_name\" content=\"HEROES Project\" \/>\n<meta property=\"article:modified_time\" content=\"2021-08-30T08:28:20+00:00\" \/>\n<meta property=\"og:image\" content=\"https:\/\/heroesproject.eu\/wp-content\/uploads\/2019\/11\/el007.jpg\" \/>\n\t<meta property=\"og:image:width\" content=\"1500\" \/>\n\t<meta property=\"og:image:height\" content=\"1000\" \/>\n<meta name=\"twitter:card\" content=\"summary_large_image\" \/>\n<meta name=\"twitter:label1\" content=\"Timp estimat pentru citire\" \/>\n\t<meta name=\"twitter:data1\" content=\"2 minute\" \/>\n<script type=\"application\/ld+json\" class=\"yoast-schema-graph\">{\"@context\":\"https:\/\/schema.org\",\"@graph\":[{\"@type\":\"WebSite\",\"@id\":\"http:\/\/heroesproject.eu\/#website\",\"url\":\"http:\/\/heroesproject.eu\/\",\"name\":\"HEROES Project\",\"description\":\"Recruiting made easy\",\"potentialAction\":[{\"@type\":\"SearchAction\",\"target\":{\"@type\":\"EntryPoint\",\"urlTemplate\":\"http:\/\/heroesproject.eu\/?s={search_term_string}\"},\"query-input\":\"required name=search_term_string\"}],\"inLanguage\":\"ro-RO\"},{\"@type\":\"ImageObject\",\"@id\":\"https:\/\/heroesproject.eu\/blog\/#primaryimage\",\"inLanguage\":\"ro-RO\",\"url\":\"https:\/\/heroesproject.eu\/wp-content\/uploads\/2019\/11\/el007.jpg\",\"contentUrl\":\"https:\/\/heroesproject.eu\/wp-content\/uploads\/2019\/11\/el007.jpg\",\"width\":1500,\"height\":1000},{\"@type\":\"WebPage\",\"@id\":\"https:\/\/heroesproject.eu\/blog\/#webpage\",\"url\":\"https:\/\/heroesproject.eu\/blog\/\",\"name\":\"Blog - HEROES Project\",\"isPartOf\":{\"@id\":\"http:\/\/heroesproject.eu\/#website\"},\"primaryImageOfPage\":{\"@id\":\"https:\/\/heroesproject.eu\/blog\/#primaryimage\"},\"datePublished\":\"2019-12-20T08:56:48+00:00\",\"dateModified\":\"2021-08-30T08:28:20+00:00\",\"breadcrumb\":{\"@id\":\"https:\/\/heroesproject.eu\/blog\/#breadcrumb\"},\"inLanguage\":\"ro-RO\",\"potentialAction\":[{\"@type\":\"ReadAction\",\"target\":[\"https:\/\/heroesproject.eu\/blog\/\"]}]},{\"@type\":\"BreadcrumbList\",\"@id\":\"https:\/\/heroesproject.eu\/blog\/#breadcrumb\",\"itemListElement\":[{\"@type\":\"ListItem\",\"position\":1,\"name\":\"Home\",\"item\":\"https:\/\/heroesproject.eu\/\"},{\"@type\":\"ListItem\",\"position\":2,\"name\":\"Blog\"}]}]}<\/script>\n<!-- \/ Yoast SEO plugin. -->","_links":{"self":[{"href":"https:\/\/heroesproject.eu\/ro\/wp-json\/wp\/v2\/pages\/2303"}],"collection":[{"href":"https:\/\/heroesproject.eu\/ro\/wp-json\/wp\/v2\/pages"}],"about":[{"href":"https:\/\/heroesproject.eu\/ro\/wp-json\/wp\/v2\/types\/page"}],"author":[{"embeddable":true,"href":"https:\/\/heroesproject.eu\/ro\/wp-json\/wp\/v2\/users\/3"}],"replies":[{"embeddable":true,"href":"https:\/\/heroesproject.eu\/ro\/wp-json\/wp\/v2\/comments?post=2303"}],"version-history":[{"count":12,"href":"https:\/\/heroesproject.eu\/ro\/wp-json\/wp\/v2\/pages\/2303\/revisions"}],"predecessor-version":[{"id":4616,"href":"https:\/\/heroesproject.eu\/ro\/wp-json\/wp\/v2\/pages\/2303\/revisions\/4616"}],"wp:featuredmedia":[{"embeddable":true,"href":"https:\/\/heroesproject.eu\/ro\/wp-json\/wp\/v2\/media\/339"}],"wp:attachment":[{"href":"https:\/\/heroesproject.eu\/ro\/wp-json\/wp\/v2\/media?parent=2303"}],"curies":[{"name":"wp","href":"https:\/\/api.w.org\/{rel}","templated":true}]}}